{"id":8074,"date":"2025-09-19T14:55:42","date_gmt":"2025-09-19T12:55:42","guid":{"rendered":"https:\/\/ghibli.hu\/news\/"},"modified":"2026-01-29T18:38:36","modified_gmt":"2026-01-29T17:38:36","slug":"news","status":"publish","type":"page","link":"https:\/\/ghibli.hu\/en\/news\/","title":{"rendered":"News"},"content":{"rendered":"<section class=\"l-section wpb_row us_custom_19e799e4 hero-gradient alt-hero height_huge\"><div class=\"l-section-h i-cf\"><div class=\"g-cols vc_row via_grid cols_2 laptops-cols_1 tablets-cols_1 mobiles-cols_1 valign_middle type_default stacking_default\" style=\"--columns-gap:0.7rem;\"><div class=\"wpb_column vc_column_container\"><div class=\"vc_column-inner\"><h1 class=\"w-text us_custom_b65c5c6e has_text_color\"><span class=\"w-text-h\"><span class=\"w-text-value\">News<\/span><\/span><\/h1><\/div><\/div><div class=\"wpb_column vc_column_container\"><div class=\"vc_column-inner\"><\/div><\/div><\/div><\/div><\/section><section class=\"l-section wpb_row solutions height_large\"><div class=\"l-section-h i-cf\"><div class=\"g-cols vc_row via_grid cols_1 laptops-cols_inherit tablets-cols_inherit mobiles-cols_1 valign_top type_default stacking_default\" style=\"--columns-gap:80px;\"><div class=\"wpb_column vc_column_container us_custom_b0b50722 solutions--cards\"><div class=\"vc_column-inner\"><div class=\"w-grid us_grid type_grid layout_225 cols_3 pagination_regular preload_style_spinner with_css_animation\" id=\"us_grid_1\" style=\"--columns:3;--gap:20px;\" data-filterable=\"true\"><style>@media (max-width:1380px){#us_grid_1{--gap:10px!important}}@media (max-width:1024px){#us_grid_1{--columns:1!important}}@media (max-width:1024px){#us_grid_1{--gap:10px!important}}@media (max-width:600px){#us_grid_1{--columns:1!important}}.layout_225 .w-grid-item-h{}.layout_225 .usg_vwrapper_1{border-radius:16px!important;overflow:hidden!important}.layout_225 .usg_post_image_1{width:100%!important;height:auto!important}.layout_225 .usg_vwrapper_2{padding:30px!important;background:var(--color-content-bg-alt)!important}.layout_225 .usg_post_title_1{color:var(--color-content-secondary)!important;font-size:21px!important}.layout_225 .usg_post_date_1{color:var(--color-content-primary)!important;font-size:14px!important}<\/style><div class=\"w-grid-list\">\t<article class=\"w-grid-item us_animate_afb size_1x1 post-8373 post type-post status-publish format-standard has-post-thumbnail hentry category-blog category-ghibli-hirek tag-ai tag-aruszallitas tag-ghibli tag-ghibli-logisztika tag-innovacio tag-logisztika tag-mesterseges-intelligencia tag-nemzetkozi-szallitmanyozas\" data-id=\"8373\" style=\"animation-delay:0s\">\r\n\t\t<div class=\"w-grid-item-h\">\r\n\t\t\t\t\t\t<div class=\"w-vwrapper usg_vwrapper_1 align_none valign_top\" style=\"--vwrapper-gap:0px\"><div class=\"w-post-elm post_image usg_post_image_1 has_width has_height has_ratio\"><a href=\"https:\/\/ghibli.hu\/en\/blog\/okos-technologia-ai-logisztika\/\" aria-label=\"Okos technol\u00f3gi\u00e1k a logisztik\u00e1ban &#8211; AI \u00e9s automatiz\u00e1l\u00e1s a Ghibli tapasztalatai alapj\u00e1n\"><img decoding=\"async\" width=\"1024\" height=\"683\" src=\"https:\/\/ghibli.hu\/wp-content\/uploads\/2026\/04\/okos-logisztika-ai-ghibli-1024x683.jpg\" class=\"attachment-large size-large wp-post-image\" alt=\"Okos technol\u00f3gi\u00e1k a logisztik\u00e1ban AI \u00e9s automatiz\u00e1l\u00e1s a Ghibli tapasztalatai alapj\u00e1n\" title=\"\"><\/a><div style=\"padding-bottom:66.6667%\"><\/div><\/div><div class=\"w-vwrapper usg_vwrapper_2 news-card--text-wrapper align_none valign_top\" style=\"--vwrapper-gap:24px\"><h3 class=\"w-post-elm post_title usg_post_title_1 has_text_color entry-title color_link_inherit\"><a href=\"https:\/\/ghibli.hu\/en\/blog\/okos-technologia-ai-logisztika\/\">Okos technol\u00f3gi\u00e1k a logisztik\u00e1ban &#8211; AI \u00e9s automatiz\u00e1l\u00e1s a Ghibli tapasztalatai alapj\u00e1n<\/a><\/h3><time class=\"w-post-elm post_date usg_post_date_1 has_text_color entry-date published\" datetime=\"2026-04-24T18:29:43+02:00\">2026.04.24.<\/time><div class=\"w-post-elm post_content usg_post_content_1\">B\u00e1r a futurisztikus j\u00f6v\u0151k\u00e9pek gyakran emberi beavatkoz\u00e1s n\u00e9lk\u00fcli, teljesen \u00f6nm\u0171k\u00f6d\u0151 rakt\u00e1rakat festenek le, a val\u00f3s\u00e1g enn\u00e9l sokkal \u00e1rnyaltabb. A Ghiblin\u00e9l nem a \u201ecsodaszerekben\u201d, hanem a fokozatos, adatvez\u00e9relt fejl\u0151d\u00e9sben hisz\u00fcnk: n\u00e1lunk az innov\u00e1ci\u00f3 c\u00e9lja nem az&hellip;<\/div><\/div><\/div>\t\t<\/div>\r\n\t\t\t<\/article>\r\n\t<article class=\"w-grid-item us_animate_afb size_1x1 post-8353 post type-post status-publish format-standard has-post-thumbnail hentry category-blog category-ghibli-hirek tag-aruszallitas tag-ellatasi-lanc tag-ghibli tag-ghibli-logisztika tag-hulladek tag-kornyezetvedelem tag-logisztika tag-nemzetkozi-szallitmanyozas tag-ujrahasznositas tag-zold\" data-id=\"8353\" style=\"animation-delay:0.1s\">\r\n\t\t<div class=\"w-grid-item-h\">\r\n\t\t\t\t\t\t<div class=\"w-vwrapper usg_vwrapper_1 align_none valign_top\" style=\"--vwrapper-gap:0px\"><div class=\"w-post-elm post_image usg_post_image_1 has_width has_height has_ratio\"><a href=\"https:\/\/ghibli.hu\/en\/blog\/zold-logisztika-kornyezetvedelem-ellatasi-lanc-ghibli\/\" aria-label=\"Z\u00f6ldebb ell\u00e1t\u00e1si l\u00e1nc, er\u0151sebb m\u00e9rleg &#8211; \u00cdgy optimaliz\u00e1l a Ghibli a k\u00f6rnyezetv\u00e9delem tekintet\u00e9ben\"><img decoding=\"async\" width=\"1024\" height=\"683\" src=\"https:\/\/ghibli.hu\/wp-content\/uploads\/2026\/03\/kornyezetvedelem-logisztika-ghibli-1024x683.jpg\" class=\"attachment-large size-large wp-post-image\" alt=\"k\u00f6rnyezetv\u00e9delem logisztika - Ghibli\" title=\"\"><\/a><div style=\"padding-bottom:66.6667%\"><\/div><\/div><div class=\"w-vwrapper usg_vwrapper_2 news-card--text-wrapper align_none valign_top\" style=\"--vwrapper-gap:24px\"><h3 class=\"w-post-elm post_title usg_post_title_1 has_text_color entry-title color_link_inherit\"><a href=\"https:\/\/ghibli.hu\/en\/blog\/zold-logisztika-kornyezetvedelem-ellatasi-lanc-ghibli\/\">Z\u00f6ldebb ell\u00e1t\u00e1si l\u00e1nc, er\u0151sebb m\u00e9rleg &#8211; \u00cdgy optimaliz\u00e1l a Ghibli a k\u00f6rnyezetv\u00e9delem tekintet\u00e9ben<\/a><\/h3><time class=\"w-post-elm post_date usg_post_date_1 has_text_color entry-date published\" datetime=\"2026-03-23T18:06:11+01:00\">2026.03.23.<\/time><div class=\"w-post-elm post_content usg_post_content_1\">A modern logisztika ma m\u00e1r nem csup\u00e1n a megtett kilom\u00e9terekr\u0151l \u00e9s a rakt\u00e1rfel\u00fcletek optimaliz\u00e1l\u00e1s\u00e1r\u00f3l sz\u00f3l. A k\u00f6rnyezetv\u00e9delem \u00e9s a fenntarthat\u00f3s\u00e1g alapvet\u0151 \u00fczleti elv\u00e1r\u00e1ss\u00e1 v\u00e1lt, ahol a csomagol\u00e1s m\u00e1r r\u00e9gen nem csak annyit jelent, hogy \u201etegy\u00fck&hellip;<\/div><\/div><\/div>\t\t<\/div>\r\n\t\t\t<\/article>\r\n\t<article class=\"w-grid-item us_animate_afb size_1x1 post-8330 post type-post status-publish format-standard has-post-thumbnail hentry category-blog tag-3pl tag-aruszallitas tag-fulfillment tag-ghibli tag-ghibli-logisztika tag-kiszervezett-logisztika tag-logisztika tag-nemzetkozi-szallitmanyozas tag-raktarcsarnok\" data-id=\"8330\" style=\"animation-delay:0.2s\">\r\n\t\t<div class=\"w-grid-item-h\">\r\n\t\t\t\t\t\t<div class=\"w-vwrapper usg_vwrapper_1 align_none valign_top\" style=\"--vwrapper-gap:0px\"><div class=\"w-post-elm post_image usg_post_image_1 has_width has_height has_ratio\"><a href=\"https:\/\/ghibli.hu\/en\/blog\/kiszervezett-logisztika\/\" aria-label=\"Milyen el\u0151ny\u00f6kkel j\u00e1r a kiszervezett logisztika?\"><img decoding=\"async\" width=\"1000\" height=\"749\" src=\"https:\/\/ghibli.hu\/wp-content\/uploads\/2026\/02\/kiszervezett-logisztika-jelentese-3pl.jpg\" class=\"attachment-large size-large wp-post-image\" alt=\"Kiszervezett logisztika\" title=\"\"><\/a><div style=\"padding-bottom:66.6667%\"><\/div><\/div><div class=\"w-vwrapper usg_vwrapper_2 news-card--text-wrapper align_none valign_top\" style=\"--vwrapper-gap:24px\"><h3 class=\"w-post-elm post_title usg_post_title_1 has_text_color entry-title color_link_inherit\"><a href=\"https:\/\/ghibli.hu\/en\/blog\/kiszervezett-logisztika\/\">Milyen el\u0151ny\u00f6kkel j\u00e1r a kiszervezett logisztika?<\/a><\/h3><time class=\"w-post-elm post_date usg_post_date_1 has_text_color entry-date published\" datetime=\"2026-02-27T17:38:55+01:00\">2026.02.27.<\/time><div class=\"w-post-elm post_content usg_post_content_1\">Rakt\u00e1roz\u00e1s, k\u00e9szletkezel\u00e9s, sz\u00e1ll\u00edt\u00e1sszervez\u00e9s, hat\u00e1rid\u0151k \u00e9s a k\u00f6lts\u00e9gek \u00e1lland\u00f3 nyom\u00e1st gyakorolnak egy v\u00e1llalkoz\u00e1sra, ha logisztik\u00e1r\u00f3l van sz\u00f3. Ilyenkor pedig felmer\u00fcl a k\u00e9rd\u00e9s: \u00e9rdemes mindezt h\u00e1zon bel\u00fcl tartani, vagy jobb megold\u00e1s lenne a kiszervezett logisztika? Ez ut\u00f3bbin\u00e1l&hellip;<\/div><\/div><\/div>\t\t<\/div>\r\n\t\t\t<\/article>\r\n\t<article class=\"w-grid-item us_animate_afb size_1x1 post-8318 post type-post status-publish format-standard has-post-thumbnail hentry category-blog tag-aruszallitas tag-ebes tag-ghibli tag-ghibli-logisztika tag-logisztika tag-nemzetkozi-szallitmanyozas tag-raktarcsarnok\" data-id=\"8318\" style=\"animation-delay:0.3s\">\r\n\t\t<div class=\"w-grid-item-h\">\r\n\t\t\t\t\t\t<div class=\"w-vwrapper usg_vwrapper_1 align_none valign_top\" style=\"--vwrapper-gap:0px\"><div class=\"w-post-elm post_image usg_post_image_1 has_width has_height has_ratio\"><a href=\"https:\/\/ghibli.hu\/en\/blog\/ebes-raktarcsarnok-ghibli\/\" aria-label=\"Ebesen megnyitott a Ghibli \u00faj logisztikai csom\u00f3pontja\"><img decoding=\"async\" width=\"1000\" height=\"667\" src=\"https:\/\/ghibli.hu\/wp-content\/uploads\/2026\/02\/ebes-raktarcsarnok-logisztika-Ghibli_20260212_-083.jpg\" class=\"attachment-large size-large wp-post-image\" alt=\"Ebes rakt\u00e1rcsarnok - Ghibli C\u00e9gcsoport\" title=\"\"><\/a><div style=\"padding-bottom:66.6667%\"><\/div><\/div><div class=\"w-vwrapper usg_vwrapper_2 news-card--text-wrapper align_none valign_top\" style=\"--vwrapper-gap:24px\"><h3 class=\"w-post-elm post_title usg_post_title_1 has_text_color entry-title color_link_inherit\"><a href=\"https:\/\/ghibli.hu\/en\/blog\/ebes-raktarcsarnok-ghibli\/\">Ebesen megnyitott a Ghibli \u00faj logisztikai csom\u00f3pontja<\/a><\/h3><time class=\"w-post-elm post_date usg_post_date_1 has_text_color entry-date published\" datetime=\"2026-02-18T10:18:27+01:00\">2026.02.18.<\/time><div class=\"w-post-elm post_content usg_post_content_1\">\u00dajabb lend\u00fcletet kapott a Debrecen t\u00e9rs\u00e9g\u00e9ben zajl\u00f3 gazdas\u00e1gi b\u0151v\u00fcl\u00e9s: a Ghibli C\u00e9gcsoport Ebesen adta \u00e1t leg\u00fajabb logisztikai k\u00f6zpontj\u00e1t. A beruh\u00e1z\u00e1s t\u00falmutat egy egyszer\u0171 kapacit\u00e1sb\u0151v\u00edt\u00e9sen &#8211; egy\u00e9rtelm\u0171 jelz\u00e9s arr\u00f3l, hogy Kelet-Magyarorsz\u00e1g egyre meghat\u00e1roz\u00f3bb szerepl\u0151v\u00e9 v\u00e1lik az&hellip;<\/div><\/div><\/div>\t\t<\/div>\r\n\t\t\t<\/article>\r\n\t<article class=\"w-grid-item us_animate_afb size_1x1 post-8315 post type-post status-publish format-standard has-post-thumbnail hentry category-blog tag-aruszallitas tag-ghibli tag-ghibli-logisztika tag-logisztika tag-nemzetkozi-szallitmanyozas tag-szezonalis-termek\" data-id=\"8315\" style=\"animation-delay:0.4s\">\r\n\t\t<div class=\"w-grid-item-h\">\r\n\t\t\t\t\t\t<div class=\"w-vwrapper usg_vwrapper_1 align_none valign_top\" style=\"--vwrapper-gap:0px\"><div class=\"w-post-elm post_image usg_post_image_1 has_width has_height has_ratio\"><a href=\"https:\/\/ghibli.hu\/en\/blog\/szezonalis-termekek-raktarozasa\/\" aria-label=\"A szezon\u00e1lis term\u00e9kek rakt\u00e1roz\u00e1sa &#8211; kih\u00edv\u00e1sok \u00e9s hat\u00e9kony megold\u00e1sok\"><img decoding=\"async\" width=\"1024\" height=\"576\" src=\"https:\/\/ghibli.hu\/wp-content\/uploads\/2025\/12\/Projektek-lebonyolitasa-1024x576.webp\" class=\"attachment-large size-large wp-post-image\" alt=\"\" title=\"\"><\/a><div style=\"padding-bottom:66.6667%\"><\/div><\/div><div class=\"w-vwrapper usg_vwrapper_2 news-card--text-wrapper align_none valign_top\" style=\"--vwrapper-gap:24px\"><h3 class=\"w-post-elm post_title usg_post_title_1 has_text_color entry-title color_link_inherit\"><a href=\"https:\/\/ghibli.hu\/en\/blog\/szezonalis-termekek-raktarozasa\/\">A szezon\u00e1lis term\u00e9kek rakt\u00e1roz\u00e1sa &#8211; kih\u00edv\u00e1sok \u00e9s hat\u00e9kony megold\u00e1sok<\/a><\/h3><time class=\"w-post-elm post_date usg_post_date_1 has_text_color entry-date published\" datetime=\"2026-02-17T13:41:12+01:00\">2026.02.17.<\/time><div class=\"w-post-elm post_content usg_post_content_1\">A szezon\u00e1lis term\u00e9kek rakt\u00e1roz\u00e1sa nem egyszer\u0171en egy t\u00e1rol\u00e1si feladat. Ann\u00e1l sokkal t\u00f6bb. Komoly logisztikai kih\u00edv\u00e1st jelent, melyhez el\u0151rel\u00e1t\u00f3 tervez\u00e9s \u00e9s rugalmas megold\u00e1sok sz\u00fcks\u00e9gesek. Hiszen egy-egy kiemeltebb id\u0151szak egyetlen pillanat alatt k\u00e9pes felforgatni a rakt\u00e1rak m\u0171k\u00f6d\u00e9s\u00e9t.&hellip;<\/div><\/div><\/div>\t\t<\/div>\r\n\t\t\t<\/article>\r\n\t<article class=\"w-grid-item us_animate_afb size_1x1 post-8258 post type-post status-publish format-standard has-post-thumbnail hentry category-blog tag-aruszallitas tag-ghibli tag-ghibli-logisztika tag-logisztika tag-nemzetkozi-szallitmanyozas tag-versenykepes-logisztika\" data-id=\"8258\" style=\"animation-delay:0.5s\">\r\n\t\t<div class=\"w-grid-item-h\">\r\n\t\t\t\t\t\t<div class=\"w-vwrapper usg_vwrapper_1 align_none valign_top\" style=\"--vwrapper-gap:0px\"><div class=\"w-post-elm post_image usg_post_image_1 has_width has_height has_ratio\"><a href=\"https:\/\/ghibli.hu\/en\/blog\/versenykepes-logisztika\/\" aria-label=\"3 strat\u00e9giai szempont, amit\u0151l versenyk\u00e9pes marad a logisztika 2026-ban\"><img decoding=\"async\" width=\"1024\" height=\"576\" src=\"https:\/\/ghibli.hu\/wp-content\/uploads\/2026\/02\/versenykepes-logisztika-2026-ban-ghibli-logisztika-1024x576.jpg\" class=\"attachment-large size-large wp-post-image\" alt=\"Mit\u0151l lesz versenyk\u00e9pes a logisztika 2026-ban?\" title=\"\"><\/a><div style=\"padding-bottom:66.6667%\"><\/div><\/div><div class=\"w-vwrapper usg_vwrapper_2 news-card--text-wrapper align_none valign_top\" style=\"--vwrapper-gap:24px\"><h3 class=\"w-post-elm post_title usg_post_title_1 has_text_color entry-title color_link_inherit\"><a href=\"https:\/\/ghibli.hu\/en\/blog\/versenykepes-logisztika\/\">3 strat\u00e9giai szempont, amit\u0151l versenyk\u00e9pes marad a logisztika 2026-ban<\/a><\/h3><time class=\"w-post-elm post_date usg_post_date_1 has_text_color entry-date published\" datetime=\"2026-02-02T13:20:38+01:00\">2026.02.02.<\/time><div class=\"w-post-elm post_content usg_post_content_1\">A versenyk\u00e9pes logisztika 2026-ban m\u00e1r t\u00falmutat egy h\u00e1tt\u00e9rben m\u0171k\u00f6d\u0151 folyamatn\u00e1l. Jellemz\u0151en meghat\u00e1rozza a v\u00e1llalatok hat\u00e9konys\u00e1g\u00e1t, k\u00f6lts\u00e9geit \u00e9s versenyk\u00e9pess\u00e9g\u00e9t is, hiszen olyan k\u00f6rnyezetben m\u0171k\u00f6dik, ahol a digitaliz\u00e1ci\u00f3, a fenntarthat\u00f3s\u00e1g \u00e9s a gyors alkalmazkod\u00e1s nem el\u0151nyt, hanem&hellip;<\/div><\/div><\/div>\t\t<\/div>\r\n\t\t\t<\/article>\r\n\t<article class=\"w-grid-item us_animate_afb size_1x1 post-8002 post type-post status-publish format-standard has-post-thumbnail hentry category-blog tag-aruszallitas tag-cbam tag-karbonvam tag-nemzetkozi-szallitmanyozas\" data-id=\"8002\" style=\"animation-delay:0s\">\r\n\t\t<div class=\"w-grid-item-h\">\r\n\t\t\t\t\t\t<div class=\"w-vwrapper usg_vwrapper_1 align_none valign_top\" style=\"--vwrapper-gap:0px\"><div class=\"w-post-elm post_image usg_post_image_1 has_width has_height has_ratio\"><a href=\"https:\/\/ghibli.hu\/en\/blog\/cbam-karbonvam\/\" aria-label=\"Mit jelent a CBAM karbonv\u00e1m, \u00e9s mi\u00e9rt fontos az import\u00e1l\u00f3 v\u00e1llalkoz\u00e1soknak?\"><img decoding=\"async\" width=\"1000\" height=\"600\" src=\"https:\/\/ghibli.hu\/wp-content\/uploads\/2026\/01\/cbam-karbonvam-ghibli-logisztika.jpg\" class=\"attachment-large size-large wp-post-image\" alt=\"CBAM karbonv\u00e1m\" title=\"\"><\/a><div style=\"padding-bottom:66.6667%\"><\/div><\/div><div class=\"w-vwrapper usg_vwrapper_2 news-card--text-wrapper align_none valign_top\" style=\"--vwrapper-gap:24px\"><h3 class=\"w-post-elm post_title usg_post_title_1 has_text_color entry-title color_link_inherit\"><a href=\"https:\/\/ghibli.hu\/en\/blog\/cbam-karbonvam\/\">Mit jelent a CBAM karbonv\u00e1m, \u00e9s mi\u00e9rt fontos az import\u00e1l\u00f3 v\u00e1llalkoz\u00e1soknak?<\/a><\/h3><time class=\"w-post-elm post_date usg_post_date_1 has_text_color entry-date published\" datetime=\"2026-01-15T19:09:08+01:00\">2026.01.15.<\/time><div class=\"w-post-elm post_content usg_post_content_1\">Az \u00e9ghajlatv\u00e1ltoz\u00e1s glob\u00e1lis kih\u00edv\u00e1saira az Eur\u00f3pai Uni\u00f3 az elm\u00falt \u00e9vekben egyre szigor\u00fabb kl\u00edmapolitikai c\u00e9lokat t\u0171z\u00f6tt ki, mik\u00f6zben a vil\u00e1g sz\u00e1mos pontj\u00e1n tov\u00e1bbra is enyh\u00e9bb k\u00f6rnyezetv\u00e9delmi szab\u00e1lyoz\u00e1s \u00e9rv\u00e9nyes\u00fcl. Ez az elt\u00e9r\u00e9s olyan jelens\u00e9ghez vezethet, amely hossz\u00fa&hellip;<\/div><\/div><\/div>\t\t<\/div>\r\n\t\t\t<\/article>\r\n\t<article class=\"w-grid-item us_animate_afb size_1x1 post-7999 post type-post status-publish format-standard has-post-thumbnail hentry category-blog tag-aruszallitas tag-gazdasag tag-ghibli tag-logisztika tag-szallitmanyozas\" data-id=\"7999\" style=\"animation-delay:0.1s\">\r\n\t\t<div class=\"w-grid-item-h\">\r\n\t\t\t\t\t\t<div class=\"w-vwrapper usg_vwrapper_1 align_none valign_top\" style=\"--vwrapper-gap:0px\"><div class=\"w-post-elm post_image usg_post_image_1 has_width has_height has_ratio\"><a href=\"https:\/\/ghibli.hu\/en\/blog\/logisztika-szerepe-a-gazdasagban\/\" aria-label=\"A logisztika szerepe a gazdas\u00e1gban. Hogyan hat a mindennapjainkra?\"><img decoding=\"async\" width=\"996\" height=\"694\" src=\"https:\/\/ghibli.hu\/wp-content\/uploads\/2025\/12\/logisztika-szerepe-a-gazdasagban-ghibli.jpg\" class=\"attachment-large size-large wp-post-image\" alt=\"Logisztika szerepe a gazdas\u00e1gban\" title=\"\"><\/a><div style=\"padding-bottom:66.6667%\"><\/div><\/div><div class=\"w-vwrapper usg_vwrapper_2 news-card--text-wrapper align_none valign_top\" style=\"--vwrapper-gap:24px\"><h3 class=\"w-post-elm post_title usg_post_title_1 has_text_color entry-title color_link_inherit\"><a href=\"https:\/\/ghibli.hu\/en\/blog\/logisztika-szerepe-a-gazdasagban\/\">A logisztika szerepe a gazdas\u00e1gban. Hogyan hat a mindennapjainkra?<\/a><\/h3><time class=\"w-post-elm post_date usg_post_date_1 has_text_color entry-date published\" datetime=\"2025-12-19T11:05:27+01:00\">2025.12.19.<\/time><div class=\"w-post-elm post_content usg_post_content_1\">K\u00e9pzeld el, hogy bel\u00e9psz egy boltba, de a polcok f\u00e9lig \u00fcresek. Nem \u00e9rkezik meg id\u0151ben az online rendel\u00e9sed, a friss \u00e9lelmiszerek hi\u00e1nyoznak, az alkatr\u00e9szekre heteket kell v\u00e1rni. Ez egy olyan vil\u00e1g, ahol a logisztika szerepe&hellip;<\/div><\/div><\/div>\t\t<\/div>\r\n\t\t\t<\/article>\r\n\t<article class=\"w-grid-item us_animate_afb size_1x1 post-7917 post type-post status-publish format-standard has-post-thumbnail hentry category-blog tag-csaladbarat-vallalat tag-ghibli tag-ghibli-logisztika tag-leader-of-the-year tag-szabo-zoltan\" data-id=\"7917\" style=\"animation-delay:0.2s\">\r\n\t\t<div class=\"w-grid-item-h\">\r\n\t\t\t\t\t\t<div class=\"w-vwrapper usg_vwrapper_1 align_none valign_top\" style=\"--vwrapper-gap:0px\"><div class=\"w-post-elm post_image usg_post_image_1 has_width has_height has_ratio\"><a href=\"https:\/\/ghibli.hu\/en\/blog\/lead-of-the-year-szabo-zoltan-ghibli\/\" aria-label=\"Egy emberk\u00f6zpont\u00fa v\u00e1llalat \u00e9s egy vezet\u0151, akivel mindenki sz\u00edvesen dolgozna &#8211; k\u00e9tszeres elismer\u00e9s a Ghiblinek\"><img decoding=\"async\" width=\"1024\" height=\"683\" src=\"https:\/\/ghibli.hu\/wp-content\/uploads\/2025\/12\/szabo-zoltan-ghibli-leader-of-the-year-1024x683.jpg\" class=\"attachment-large size-large wp-post-image\" alt=\"Szab\u00f3 Zolt\u00e1n - Leader of the Year - Ghibli Logisztikai Kft.\" title=\"\"><\/a><div style=\"padding-bottom:66.6667%\"><\/div><\/div><div class=\"w-vwrapper usg_vwrapper_2 news-card--text-wrapper align_none valign_top\" style=\"--vwrapper-gap:24px\"><h3 class=\"w-post-elm post_title usg_post_title_1 has_text_color entry-title color_link_inherit\"><a href=\"https:\/\/ghibli.hu\/en\/blog\/lead-of-the-year-szabo-zoltan-ghibli\/\">Egy emberk\u00f6zpont\u00fa v\u00e1llalat \u00e9s egy vezet\u0151, akivel mindenki sz\u00edvesen dolgozna &#8211; k\u00e9tszeres elismer\u00e9s a Ghiblinek<\/a><\/h3><time class=\"w-post-elm post_date usg_post_date_1 has_text_color entry-date published\" datetime=\"2025-12-16T13:48:30+01:00\">2025.12.16.<\/time><div class=\"w-post-elm post_content usg_post_content_1\">C\u00e9g\u00fcnk val\u00f3di sikere az embers\u00e9gess\u00e9g. Hiszen a Ghibli ereje nemcsak a logisztikai teljes\u00edtm\u00e9nyben, hanem a m\u00f6g\u00f6tte \u00e1ll\u00f3, p\u00e9ldamutat\u00f3 emberi \u00e9rt\u00e9kekben rejlik. Ezt mi sem bizony\u00edtja jobban, minthogy id\u00e9n, 2025-ben k\u00e9t jelent\u0151s elismer\u00e9sben is r\u00e9szes\u00fclt\u00fcnk. Szab\u00f3&hellip;<\/div><\/div><\/div>\t\t<\/div>\r\n\t\t\t<\/article>\r\n\t<article class=\"w-grid-item us_animate_afb size_1x1 post-7908 post type-post status-publish format-standard has-post-thumbnail hentry category-blog tag-aruszallitas tag-ghibli tag-legi-aruszallitas tag-logisztika tag-nemzetkozi-szallitmanyozas\" data-id=\"7908\" style=\"animation-delay:0.3s\">\r\n\t\t<div class=\"w-grid-item-h\">\r\n\t\t\t\t\t\t<div class=\"w-vwrapper usg_vwrapper_1 align_none valign_top\" style=\"--vwrapper-gap:0px\"><div class=\"w-post-elm post_image usg_post_image_1 has_width has_height has_ratio\"><a href=\"https:\/\/ghibli.hu\/en\/blog\/legi-aruszallitas-ghibli-iata-tanusitvany-car\/\" aria-label=\"Nemzetk\u00f6zi elismer\u00e9sek a l\u00e9gi \u00e1rusz\u00e1ll\u00edt\u00e1sban \u2013 Cargo d\u00edjat \u00e9s IATA-tan\u00fas\u00edtv\u00e1nyt kapott a Ghibli\"><img decoding=\"async\" width=\"1024\" height=\"576\" src=\"https:\/\/ghibli.hu\/wp-content\/uploads\/2025\/11\/legi-aruszallitas-ghibli-logisztika-1024x576.jpg\" class=\"attachment-large size-large wp-post-image\" alt=\"L\u00e9gi \u00e1rusz\u00e1ll\u00edt\u00e1s - Ghibli Logisztika\" title=\"\"><\/a><div style=\"padding-bottom:66.6667%\"><\/div><\/div><div class=\"w-vwrapper usg_vwrapper_2 news-card--text-wrapper align_none valign_top\" style=\"--vwrapper-gap:24px\"><h3 class=\"w-post-elm post_title usg_post_title_1 has_text_color entry-title color_link_inherit\"><a href=\"https:\/\/ghibli.hu\/en\/blog\/legi-aruszallitas-ghibli-iata-tanusitvany-car\/\">Nemzetk\u00f6zi elismer\u00e9sek a l\u00e9gi \u00e1rusz\u00e1ll\u00edt\u00e1sban \u2013 Cargo d\u00edjat \u00e9s IATA-tan\u00fas\u00edtv\u00e1nyt kapott a Ghibli<\/a><\/h3><time class=\"w-post-elm post_date usg_post_date_1 has_text_color entry-date published\" datetime=\"2025-11-27T22:15:22+01:00\">2025.11.27.<\/time><div class=\"w-post-elm post_content usg_post_content_1\">A l\u00e9gi sz\u00e1ll\u00edtm\u00e1nyok biztons\u00e1gos \u00e9s szab\u00e1lyos m\u00f3d\u00fa kezel\u00e9se mellett meghat\u00e1roz\u00f3 szerepl\u0151i vagyunk a l\u00e9gi \u00e1rusz\u00e1ll\u00edt\u00e1snak is. Mindezt nemcsak hazai, hanem nemzetk\u00f6zi szinten is elismerik, ami\u00e9rt Best Developing Gateway Operator 2024&#8243; d\u00edj \u00e9s International Air Transport&hellip;<\/div><\/div><\/div>\t\t<\/div>\r\n\t\t\t<\/article>\r\n\t<article class=\"w-grid-item us_animate_afb size_1x1 post-7903 post type-post status-publish format-standard has-post-thumbnail hentry category-blog tag-kozuti-szallitas tag-kozuti-szallitmanyozas tag-logisztika tag-raktarberles tag-szallitmanyozas\" data-id=\"7903\" style=\"animation-delay:0.4s\">\r\n\t\t<div class=\"w-grid-item-h\">\r\n\t\t\t\t\t\t<div class=\"w-vwrapper usg_vwrapper_1 align_none valign_top\" style=\"--vwrapper-gap:0px\"><div class=\"w-post-elm post_image usg_post_image_1 has_width has_height has_ratio\"><a href=\"https:\/\/ghibli.hu\/en\/blog\/raktar-berles-szempontjai\/\" aria-label=\"Rakt\u00e1r b\u00e9rl\u00e9s szempontjai &#8211; 5 dolog, amit figyelembe kell venned, ha rakt\u00e1rt b\u00e9relsz\"><img decoding=\"async\" width=\"1024\" height=\"679\" src=\"https:\/\/ghibli.hu\/wp-content\/uploads\/2025\/11\/raktar-berles-raktar-valasztas-szempontjai-ghibli-logisztika-1024x679.jpg\" class=\"attachment-large size-large wp-post-image\" alt=\"rakt\u00e1r b\u00e9rl\u00e9s szempontjai Ghibli logisztika\" title=\"\"><\/a><div style=\"padding-bottom:66.6667%\"><\/div><\/div><div class=\"w-vwrapper usg_vwrapper_2 news-card--text-wrapper align_none valign_top\" style=\"--vwrapper-gap:24px\"><h3 class=\"w-post-elm post_title usg_post_title_1 has_text_color entry-title color_link_inherit\"><a href=\"https:\/\/ghibli.hu\/en\/blog\/raktar-berles-szempontjai\/\">Rakt\u00e1r b\u00e9rl\u00e9s szempontjai &#8211; 5 dolog, amit figyelembe kell venned, ha rakt\u00e1rt b\u00e9relsz<\/a><\/h3><time class=\"w-post-elm post_date usg_post_date_1 has_text_color entry-date published\" datetime=\"2025-11-24T21:55:30+01:00\">2025.11.24.<\/time><div class=\"w-post-elm post_content usg_post_content_1\">Megfelel\u0151 rakt\u00e1rra szert tenni legal\u00e1bb olyan jelent\u0151s, mint \u00e1lmaink otthon\u00e1ra r\u00e1tal\u00e1lni. Fontos a frekvent\u00e1lt elhelyezked\u00e9s, a megfizethet\u0151s\u00e9g, \u00e9s hogy hossz\u00fa t\u00e1von is kiszolg\u00e1lja az ig\u00e9nyeinket. Egy olyan kardin\u00e1lis d\u00f6nt\u00e9s, ami hat\u00e1ssal van az \u00fczlet\u00fcnk m\u0171k\u00f6d\u00e9s\u00e9re&hellip;<\/div><\/div><\/div>\t\t<\/div>\r\n\t\t\t<\/article>\r\n\t<article class=\"w-grid-item us_animate_afb size_1x1 post-7877 post type-post status-publish format-standard has-post-thumbnail hentry category-blog tag-autopalya tag-ghibli-logisztika tag-logisztika tag-logisztika-debrecen tag-logisztikai-kozpont tag-repuloter\" data-id=\"7877\" style=\"animation-delay:0.5s\">\r\n\t\t<div class=\"w-grid-item-h\">\r\n\t\t\t\t\t\t<div class=\"w-vwrapper usg_vwrapper_1 align_none valign_top\" style=\"--vwrapper-gap:0px\"><div class=\"w-post-elm post_image usg_post_image_1 has_width has_height has_ratio\"><a href=\"https:\/\/ghibli.hu\/en\/blog\/logisztikai-kozpont-elhelyezkedes\/\" aria-label=\"Mi\u00e9rt fontos a logisztikai k\u00f6zpontok k\u00f6zels\u00e9ge az aut\u00f3p\u00e1ly\u00e1khoz \u00e9s a rep\u00fcl\u0151t\u00e9rhez?\"><img decoding=\"async\" width=\"1024\" height=\"683\" src=\"https:\/\/ghibli.hu\/wp-content\/uploads\/2025\/09\/debrecen-raktarberles-1024x683.jpg\" class=\"attachment-large size-large wp-post-image\" alt=\"Debrecen rakt\u00e1rb\u00e9rl\u00e9s\" title=\"\"><\/a><div style=\"padding-bottom:66.6667%\"><\/div><\/div><div class=\"w-vwrapper usg_vwrapper_2 news-card--text-wrapper align_none valign_top\" style=\"--vwrapper-gap:24px\"><h3 class=\"w-post-elm post_title usg_post_title_1 has_text_color entry-title color_link_inherit\"><a href=\"https:\/\/ghibli.hu\/en\/blog\/logisztikai-kozpont-elhelyezkedes\/\">Mi\u00e9rt fontos a logisztikai k\u00f6zpontok k\u00f6zels\u00e9ge az aut\u00f3p\u00e1ly\u00e1khoz \u00e9s a rep\u00fcl\u0151t\u00e9rhez?<\/a><\/h3><time class=\"w-post-elm post_date usg_post_date_1 has_text_color entry-date published\" datetime=\"2025-10-22T09:23:29+02:00\">2025.10.22.<\/time><div class=\"w-post-elm post_content usg_post_content_1\">Egy logisztikai k\u00f6zpont nem egyszer\u0171en csak egy rakt\u00e1r\u00e9p\u00fclet, hanem egy strat\u00e9giai helysz\u00edn, mely meghat\u00e1rozza, hogy milyen gyorsan \u00e9s hat\u00e9konyan tud lebonyol\u00f3dni az \u00e1rusz\u00e1ll\u00edt\u00e1s. Ez\u00e9rt az elhelyezked\u00e9s\u00e9nek kiemelt jelent\u0151s\u00e9ge van. Az aut\u00f3p\u00e1ly\u00e1k, rep\u00fcl\u0151terek vagy vas\u00fati csom\u00f3pontok&hellip;<\/div><\/div><\/div>\t\t<\/div>\r\n\t\t\t<\/article>\r\n<\/div>\t<div class=\"w-grid-preloader\">\r\n\t\t<div class=\"g-preloader type_1\">\r\n\t\t\t<div><\/div>\r\n\t\t<\/div>\r\n\t<\/div>\r\n\t\t\t\t<nav class=\"pagination navigation\" role=\"navigation\">\r\n\t\t\t\t<div class=\"nav-links custom us-nav-style_1\">\r\n\t\t\t\t\t<span aria-current=\"page\" class=\"page-numbers current\"><span>1<\/span><\/span>\n<a class=\"page-numbers\" href=\"https:\/\/ghibli.hu\/en\/wp-json\/wp\/v2\/pages\/8074\/page\/2\/\"><span>2<\/span><\/a>\n<a class=\"page-numbers\" href=\"https:\/\/ghibli.hu\/en\/wp-json\/wp\/v2\/pages\/8074\/page\/3\/\"><span>3<\/span><\/a>\n<a class=\"page-numbers\" href=\"https:\/\/ghibli.hu\/en\/wp-json\/wp\/v2\/pages\/8074\/page\/4\/\"><span>4<\/span><\/a>\n<span class=\"page-numbers dots\">&hellip;<\/span>\n<a class=\"page-numbers\" href=\"https:\/\/ghibli.hu\/en\/wp-json\/wp\/v2\/pages\/8074\/page\/10\/\"><span>10<\/span><\/a>\n<a class=\"next page-numbers\" href=\"https:\/\/ghibli.hu\/en\/wp-json\/wp\/v2\/pages\/8074\/page\/2\/\"><span>Next<\/span><\/a>\t\t\t\t<\/div>\r\n\t\t\t<\/nav>\r\n\t\t\t\t<div class=\"w-grid-json hidden\" onclick='return {&quot;action&quot;:&quot;us_ajax_grid&quot;,&quot;infinite_scroll&quot;:0,&quot;max_num_pages&quot;:10,&quot;pagination&quot;:&quot;regular&quot;,&quot;template_vars&quot;:{&quot;columns&quot;:&quot;3&quot;,&quot;exclude_items&quot;:&quot;none&quot;,&quot;img_size&quot;:&quot;default&quot;,&quot;ignore_items_size&quot;:0,&quot;items_layout&quot;:&quot;225&quot;,&quot;items_offset&quot;:&quot;1&quot;,&quot;load_animation&quot;:&quot;afb&quot;,&quot;overriding_link&quot;:&quot;{\\&quot;url\\&quot;:\\&quot;\\&quot;}&quot;,&quot;post_id&quot;:0,&quot;query_args&quot;:{&quot;post_type&quot;:[&quot;post&quot;],&quot;post_status&quot;:[&quot;publish&quot;,&quot;acf-disabled&quot;],&quot;posts_per_page&quot;:&quot;12&quot;},&quot;orderby_query_args&quot;:{&quot;orderby&quot;:{&quot;date&quot;:&quot;DESC&quot;}},&quot;type&quot;:&quot;grid&quot;,&quot;us_grid_post_type&quot;:&quot;post&quot;,&quot;us_grid_ajax_index&quot;:1,&quot;us_grid_filter_query_string&quot;:null,&quot;us_grid_index&quot;:1,&quot;page_args&quot;:[],&quot;lang&quot;:&quot;en&quot;}}'><\/div>\r\n\t<\/div><\/div><\/div><\/div><\/div><\/section>\n","protected":false},"excerpt":{"rendered":"Egy logisztikai k\u00f6zpont nem egyszer\u0171en csak egy rakt\u00e1r\u00e9p\u00fclet, hanem egy strat\u00e9giai helysz\u00edn, mely meghat\u00e1rozza, hogy milyen gyorsan \u00e9s hat\u00e9konyan tud lebonyol\u00f3dni az \u00e1rusz\u00e1ll\u00edt\u00e1s. Ez\u00e9rt az elhelyezked\u00e9s\u00e9nek kiemelt jelent\u0151s\u00e9ge van. Az aut\u00f3p\u00e1ly\u00e1k, rep\u00fcl\u0151terek vagy vas\u00fati csom\u00f3pontok k\u00f6zels\u00e9ge megfelel\u0151 helysz\u00ednnek bizonyulnak. A logisztikai k\u00f6zpontok sikere nemcsak a rakt\u00e1r nagys\u00e1g\u00e1n, felszerelts\u00e9g\u00e9n \u00e9s a ny\u00fajtott szolg\u00e1ltat\u00e1sokon m\u00falik. Ahhoz, hogy...","protected":false},"author":2,"featured_media":8075,"parent":0,"menu_order":0,"comment_status":"closed","ping_status":"closed","template":"","meta":{"_acf_changed":false,"footnotes":""},"class_list":["post-8074","page","type-page","status-publish","has-post-thumbnail","hentry"],"acf":[],"_links":{"self":[{"href":"https:\/\/ghibli.hu\/en\/wp-json\/wp\/v2\/pages\/8074","targetHints":{"allow":["GET"]}}],"collection":[{"href":"https:\/\/ghibli.hu\/en\/wp-json\/wp\/v2\/pages"}],"about":[{"href":"https:\/\/ghibli.hu\/en\/wp-json\/wp\/v2\/types\/page"}],"author":[{"embeddable":true,"href":"https:\/\/ghibli.hu\/en\/wp-json\/wp\/v2\/users\/2"}],"replies":[{"embeddable":true,"href":"https:\/\/ghibli.hu\/en\/wp-json\/wp\/v2\/comments?post=8074"}],"version-history":[{"count":0,"href":"https:\/\/ghibli.hu\/en\/wp-json\/wp\/v2\/pages\/8074\/revisions"}],"wp:featuredmedia":[{"embeddable":true,"href":"https:\/\/ghibli.hu\/en\/wp-json\/wp\/v2\/media\/8075"}],"wp:attachment":[{"href":"https:\/\/ghibli.hu\/en\/wp-json\/wp\/v2\/media?parent=8074"}],"curies":[{"name":"wp","href":"https:\/\/api.w.org\/{rel}","templated":true}]}}